{"id":1579,"date":"2025-07-25T09:04:01","date_gmt":"2025-07-25T08:04:01","guid":{"rendered":"https:\/\/evatex.de\/?page_id=1579"},"modified":"2025-07-25T09:12:00","modified_gmt":"2025-07-25T08:12:00","slug":"evacuatieblad-kopen-in-muenster","status":"publish","type":"page","link":"https:\/\/evatex.de\/nl\/evacuatieblad-kopen-in-muenster\/","title":{"rendered":"Evacuatieblad kopen in M\u00fcnster"},"content":{"rendered":"<div data-elementor-type=\"wp-page\" data-elementor-id=\"1579\" class=\"elementor elementor-1579\" data-elementor-post-type=\"page\">\n\t\t\t\t<div class=\"elementor-element elementor-element-d73ab5e e-con-full e-flex e-con e-parent\" data-id=\"d73ab5e\" data-element_type=\"container\" data-e-type=\"container\" data-settings=\"{&quot;background_background&quot;:&quot;gradient&quot;}\">\n\t\t\t\t<div class=\"elementor-element elementor-element-199c966 elementor-widget elementor-widget-heading\" data-id=\"199c966\" data-element_type=\"widget\" data-e-type=\"widget\" data-widget_type=\"heading.default\">\n\t\t\t\t<div class=\"elementor-widget-container\">\n\t\t\t\t\t<h1 class=\"elementor-heading-title elementor-size-default\">Evacuatiedoek kopen in M\u00fcnster? Veilig evacueren begint bij Evatex<\/h1>\t\t\t\t<\/div>\n\t\t\t\t<\/div>\n\t\t\t\t<\/div>\n\t\t<div class=\"elementor-element elementor-element-aeff768 e-flex e-con-boxed e-con e-parent\" data-id=\"aeff768\" data-element_type=\"container\" data-e-type=\"container\">\n\t\t\t\t\t<div class=\"e-con-inner\">\n\t\t<div class=\"elementor-element elementor-element-d497d2f e-con-full e-flex e-con e-child\" data-id=\"d497d2f\" data-element_type=\"container\" data-e-type=\"container\">\n\t\t\t\t<div class=\"elementor-element elementor-element-59966fd elementor-widget elementor-widget-heading\" data-id=\"59966fd\" data-element_type=\"widget\" data-e-type=\"widget\" data-widget_type=\"heading.default\">\n\t\t\t\t<div class=\"elementor-widget-container\">\n\t\t\t\t\t<h2 class=\"elementor-heading-title elementor-size-default\">Professionele evacuatiedoeken voor zorg en instellingen in M\u00fcnster<\/h2>\t\t\t\t<\/div>\n\t\t\t\t<\/div>\n\t\t\t\t<div class=\"elementor-element elementor-element-a20b169 elementor-widget elementor-widget-text-editor\" data-id=\"a20b169\" data-element_type=\"widget\" data-e-type=\"widget\" data-widget_type=\"text-editor.default\">\n\t\t\t\t<div class=\"elementor-widget-container\">\n\t\t\t\t\t\t\t\t\t<p class=\"p1\">Zoek je een betrouwbare evacuatiedoek in M\u00fcnster voor gebruik in een ziekenhuis, verpleeghuis, school of bedrijf?<\/p><p class=\"p1\">Bij Evatex vind je hoogwaardige evacuatiehulpmiddelen die voldoen aan de strengste veiligheidsnormen. Of het nu gaat om het evacueren van bedlegerige pati\u00ebnten bij brand, of om een oplossing voor een zorginstelling \u2014 wij leveren snel en deskundig in heel Duitsland, waaronder M\u00fcnster en omgeving.<\/p><p class=\"p1\">Onze evacuatiedoeken zijn ontworpen voor snelle inzet bij calamiteiten, en kunnen eenvoudig onder een matras worden geplaatst. Ze vormen een essentieel onderdeel van elk goed evacuatieplan.<\/p>\t\t\t\t\t\t\t\t<\/div>\n\t\t\t\t<\/div>\n\t\t\t\t<div class=\"elementor-element elementor-element-133335e elementor-position-inline-start elementor-mobile-position-inline-start e-transform e-transform elementor-view-default elementor-widget elementor-widget-icon-box\" data-id=\"133335e\" data-element_type=\"widget\" data-e-type=\"widget\" data-settings=\"{&quot;_transform_translateX_effect_hover&quot;:{&quot;unit&quot;:&quot;px&quot;,&quot;size&quot;:8,&quot;sizes&quot;:[]},&quot;_transform_translateX_effect&quot;:{&quot;unit&quot;:&quot;px&quot;,&quot;size&quot;:&quot;&quot;,&quot;sizes&quot;:[]},&quot;_transform_translateX_effect_widescreen&quot;:{&quot;unit&quot;:&quot;px&quot;,&quot;size&quot;:&quot;&quot;,&quot;sizes&quot;:[]},&quot;_transform_translateX_effect_laptop&quot;:{&quot;unit&quot;:&quot;px&quot;,&quot;size&quot;:&quot;&quot;,&quot;sizes&quot;:[]},&quot;_transform_translateX_effect_tablet_extra&quot;:{&quot;unit&quot;:&quot;px&quot;,&quot;size&quot;:&quot;&quot;,&quot;sizes&quot;:[]},&quot;_transform_translateX_effect_tablet&quot;:{&quot;unit&quot;:&quot;px&quot;,&quot;size&quot;:&quot;&quot;,&quot;sizes&quot;:[]},&quot;_transform_translateX_effect_mobile_extra&quot;:{&quot;unit&quot;:&quot;px&quot;,&quot;size&quot;:&quot;&quot;,&quot;sizes&quot;:[]},&quot;_transform_translateX_effect_mobile&quot;:{&quot;unit&quot;:&quot;px&quot;,&quot;size&quot;:&quot;&quot;,&quot;sizes&quot;:[]},&quot;_transform_translateY_effect&quot;:{&quot;unit&quot;:&quot;px&quot;,&quot;size&quot;:&quot;&quot;,&quot;sizes&quot;:[]},&quot;_transform_translateY_effect_widescreen&quot;:{&quot;unit&quot;:&quot;px&quot;,&quot;size&quot;:&quot;&quot;,&quot;sizes&quot;:[]},&quot;_transform_translateY_effect_laptop&quot;:{&quot;unit&quot;:&quot;px&quot;,&quot;size&quot;:&quot;&quot;,&quot;sizes&quot;:[]},&quot;_transform_translateY_effect_tablet_extra&quot;:{&quot;unit&quot;:&quot;px&quot;,&quot;size&quot;:&quot;&quot;,&quot;sizes&quot;:[]},&quot;_transform_translateY_effect_tablet&quot;:{&quot;unit&quot;:&quot;px&quot;,&quot;size&quot;:&quot;&quot;,&quot;sizes&quot;:[]},&quot;_transform_translateY_effect_mobile_extra&quot;:{&quot;unit&quot;:&quot;px&quot;,&quot;size&quot;:&quot;&quot;,&quot;sizes&quot;:[]},&quot;_transform_translateY_effect_mobile&quot;:{&quot;unit&quot;:&quot;px&quot;,&quot;size&quot;:&quot;&quot;,&quot;sizes&quot;:[]},&quot;_transform_translateX_effect_hover_widescreen&quot;:{&quot;unit&quot;:&quot;px&quot;,&quot;size&quot;:&quot;&quot;,&quot;sizes&quot;:[]},&quot;_transform_translateX_effect_hover_laptop&quot;:{&quot;unit&quot;:&quot;px&quot;,&quot;size&quot;:&quot;&quot;,&quot;sizes&quot;:[]},&quot;_transform_translateX_effect_hover_tablet_extra&quot;:{&quot;unit&quot;:&quot;px&quot;,&quot;size&quot;:&quot;&quot;,&quot;sizes&quot;:[]},&quot;_transform_translateX_effect_hover_tablet&quot;:{&quot;unit&quot;:&quot;px&quot;,&quot;size&quot;:&quot;&quot;,&quot;sizes&quot;:[]},&quot;_transform_translateX_effect_hover_mobile_extra&quot;:{&quot;unit&quot;:&quot;px&quot;,&quot;size&quot;:&quot;&quot;,&quot;sizes&quot;:[]},&quot;_transform_translateX_effect_hover_mobile&quot;:{&quot;unit&quot;:&quot;px&quot;,&quot;size&quot;:&quot;&quot;,&quot;sizes&quot;:[]},&quot;_transform_translateY_effect_hover&quot;:{&quot;unit&quot;:&quot;px&quot;,&quot;size&quot;:&quot;&quot;,&quot;sizes&quot;:[]},&quot;_transform_translateY_effect_hover_widescreen&quot;:{&quot;unit&quot;:&quot;px&quot;,&quot;size&quot;:&quot;&quot;,&quot;sizes&quot;:[]},&quot;_transform_translateY_effect_hover_laptop&quot;:{&quot;unit&quot;:&quot;px&quot;,&quot;size&quot;:&quot;&quot;,&quot;sizes&quot;:[]},&quot;_transform_translateY_effect_hover_tablet_extra&quot;:{&quot;unit&quot;:&quot;px&quot;,&quot;size&quot;:&quot;&quot;,&quot;sizes&quot;:[]},&quot;_transform_translateY_effect_hover_tablet&quot;:{&quot;unit&quot;:&quot;px&quot;,&quot;size&quot;:&quot;&quot;,&quot;sizes&quot;:[]},&quot;_transform_translateY_effect_hover_mobile_extra&quot;:{&quot;unit&quot;:&quot;px&quot;,&quot;size&quot;:&quot;&quot;,&quot;sizes&quot;:[]},&quot;_transform_translateY_effect_hover_mobile&quot;:{&quot;unit&quot;:&quot;px&quot;,&quot;size&quot;:&quot;&quot;,&quot;sizes&quot;:[]}}\" data-widget_type=\"icon-box.default\">\n\t\t\t\t<div class=\"elementor-widget-container\">\n\t\t\t\t\t\t\t<div class=\"elementor-icon-box-wrapper\">\n\n\t\t\t\t\t\t<div class=\"elementor-icon-box-icon\">\n\t\t\t\t<a href=\"https:\/\/evatex.de\/nl\/shop\/\" class=\"elementor-icon\" tabindex=\"-1\" aria-label=\"Kopen\">\n\t\t\t\t<svg xmlns=\"http:\/\/www.w3.org\/2000\/svg\" xmlns:xlink=\"http:\/\/www.w3.org\/1999\/xlink\" width=\"82.5\" height=\"22.086\" viewbox=\"0 0 82.5 22.086\"><defs><clippath id=\"clip-path\"><rect id=\"Rectangle_1\" data-name=\"Rectangle 1\" width=\"82.5\" height=\"22.086\" fill=\"#2f2f2f\"><\/rect><\/clippath><\/defs><g id=\"Group_3\" data-name=\"Group 3\" transform=\"translate(0 0)\" fill=\"#2F2F2F\"><g id=\"Group_2\" data-name=\"Group 2\" transform=\"translate(0 0)\" clip-path=\"url(#clip-path)\" fill=\"#2F2F2F\"><path id=\"Path_1\" data-name=\"Path 1\" d=\"M82.333,11.43l-10.5,10.5a.562.562,0,0,1-.78,0,.556.556,0,0,1,0-.783l9.558-9.551H.554a.552.552,0,1,1,0-1.1h80.06L71.063.941a.552.552,0,0,1,.78-.78l10.5,10.5a.553.553,0,0,1,0,.78Z\" transform=\"translate(0 -0.001)\" fill=\"#2F2F2F\"><\/path><\/g><\/g><\/svg>\t\t\t\t<\/a>\n\t\t\t<\/div>\n\t\t\t\n\t\t\t\t\t\t<div class=\"elementor-icon-box-content\">\n\n\t\t\t\t\t\t\t\t\t<h3 class=\"elementor-icon-box-title\">\n\t\t\t\t\t\t<a href=\"https:\/\/evatex.de\/nl\/shop\/\" >\n\t\t\t\t\t\t\tKopen\t\t\t\t\t\t<\/a>\n\t\t\t\t\t<\/h3>\n\t\t\t\t\n\t\t\t\t\n\t\t\t<\/div>\n\t\t\t\n\t\t<\/div>\n\t\t\t\t\t\t<\/div>\n\t\t\t\t<\/div>\n\t\t\t\t<\/div>\n\t\t<div class=\"elementor-element elementor-element-cc79fb6 e-con-full e-flex e-con e-child\" data-id=\"cc79fb6\" data-element_type=\"container\" data-e-type=\"container\">\n\t\t\t\t<div class=\"elementor-element elementor-element-2042abd elementor-widget elementor-widget-image\" data-id=\"2042abd\" data-element_type=\"widget\" data-e-type=\"widget\" data-widget_type=\"image.default\">\n\t\t\t\t<div class=\"elementor-widget-container\">\n\t\t\t\t\t\t\t\t\t\t\t\t\t\t\t<img fetchpriority=\"high\" decoding=\"async\" width=\"600\" height=\"577\" src=\"https:\/\/evatex.de\/wp-content\/uploads\/2024\/01\/Rettungstuch-EVATEX-600px1.jpg\" class=\"attachment-large size-large wp-image-725\" alt=\"\" srcset=\"https:\/\/evatex.de\/wp-content\/uploads\/2024\/01\/Rettungstuch-EVATEX-600px1.jpg 600w, https:\/\/evatex.de\/wp-content\/uploads\/2024\/01\/Rettungstuch-EVATEX-600px1-300x289.jpg 300w\" sizes=\"(max-width: 600px) 100vw, 600px\" \/>\t\t\t\t\t\t\t\t\t\t\t\t\t\t\t<\/div>\n\t\t\t\t<\/div>\n\t\t\t\t<\/div>\n\t\t\t\t\t<\/div>\n\t\t\t\t<\/div>\n\t\t<div class=\"elementor-element elementor-element-62d1184 e-flex e-con-boxed e-con e-parent\" data-id=\"62d1184\" data-element_type=\"container\" data-e-type=\"container\" id=\"meerlezen\">\n\t\t\t\t\t<div class=\"e-con-inner\">\n\t\t\t\t<div class=\"elementor-element elementor-element-5ee0e57 elementor-widget elementor-widget-heading\" data-id=\"5ee0e57\" data-element_type=\"widget\" data-e-type=\"widget\" data-widget_type=\"heading.default\">\n\t\t\t\t<div class=\"elementor-widget-container\">\n\t\t\t\t\t<h3 class=\"elementor-heading-title elementor-size-default\">Veiligheid en betrouwbaarheid\n<\/h3>\t\t\t\t<\/div>\n\t\t\t\t<\/div>\n\t\t\t\t<div class=\"elementor-element elementor-element-3aa790b elementor-widget elementor-widget-heading\" data-id=\"3aa790b\" data-element_type=\"widget\" data-e-type=\"widget\" data-widget_type=\"heading.default\">\n\t\t\t\t<div class=\"elementor-widget-container\">\n\t\t\t\t\t<h2 class=\"elementor-heading-title elementor-size-default\">Waarom kiezen voor een evacuatiedoek van Evatex?<\/h2>\t\t\t\t<\/div>\n\t\t\t\t<\/div>\n\t\t\t\t<div class=\"elementor-element elementor-element-930060d elementor-widget elementor-widget-text-editor\" data-id=\"930060d\" data-element_type=\"widget\" data-e-type=\"widget\" data-widget_type=\"text-editor.default\">\n\t\t\t\t<div class=\"elementor-widget-container\">\n\t\t\t\t\t\t\t\t\t<p class=\"p1\">Onze doeken zijn:<\/p><ul><li><p class=\"p1\">Brandvertragend en getest op duurzaamheid<\/p><\/li><li><p class=\"p1\">Voorzien van stevige handgrepen en fixatiebanden<\/p><\/li><li><p class=\"p1\">Geschikt voor evacuatie via trappen<\/p><\/li><li><p class=\"p1\">Snel inzetbaar zonder extra hulpmiddelen<\/p><\/li><\/ul><p class=\"p1\"><br \/>Wij leveren evacuatiedoeken aan zorginstellingen, ziekenhuizen, scholen, kinderdagverblijven en bedrijven in de regio M\u00fcnster.<\/p>\t\t\t\t\t\t\t\t<\/div>\n\t\t\t\t<\/div>\n\t\t\t\t\t<\/div>\n\t\t\t\t<\/div>\n\t\t<div class=\"elementor-element elementor-element-a397c2a e-flex e-con-boxed e-con e-parent\" data-id=\"a397c2a\" data-element_type=\"container\" data-e-type=\"container\" data-settings=\"{&quot;background_background&quot;:&quot;classic&quot;}\">\n\t\t\t\t\t<div class=\"e-con-inner\">\n\t\t\t\t<div class=\"elementor-element elementor-element-89c21e6 elementor-widget elementor-widget-heading\" data-id=\"89c21e6\" data-element_type=\"widget\" data-e-type=\"widget\" data-widget_type=\"heading.default\">\n\t\t\t\t<div class=\"elementor-widget-container\">\n\t\t\t\t\t<h3 class=\"elementor-heading-title elementor-size-default\">Populaire modellen<\/h3>\t\t\t\t<\/div>\n\t\t\t\t<\/div>\n\t\t\t\t<div class=\"elementor-element elementor-element-c822e7c elementor-widget elementor-widget-text-editor\" data-id=\"c822e7c\" data-element_type=\"widget\" data-e-type=\"widget\" data-widget_type=\"text-editor.default\">\n\t\t\t\t<div class=\"elementor-widget-container\">\n\t\t\t\t\t\t\t\t\t<ul><li><p class=\"p1\"><b>Evatex evacuatiedoek met extra banden<\/b><span class=\"s1\"> -- voor maximale fixatie<\/span><\/p><\/li><li><p class=\"p1\"><span class=\"s1\"><b>Evatex evacuatiedoek standaard<\/b><\/span> \u2013 onder elk matras te bevestigen<\/p><\/li><li><p class=\"p1\"><span class=\"s1\"><b>Evacuatiematras met schuimlaag<\/b><\/span> \u2013 voor meer comfort en stabiliteit<\/p><\/li><\/ul>\t\t\t\t\t\t\t\t<\/div>\n\t\t\t\t<\/div>\n\t\t\t\t\t<\/div>\n\t\t\t\t<\/div>\n\t\t<div class=\"elementor-element elementor-element-820ee31 e-con-full e-flex e-con e-parent\" data-id=\"820ee31\" data-element_type=\"container\" data-e-type=\"container\" data-settings=\"{&quot;background_background&quot;:&quot;classic&quot;}\">\n\t\t\t\t<div class=\"elementor-element elementor-element-23fb341 elementor-widget-laptop__width-inherit elementor-widget elementor-widget-image\" data-id=\"23fb341\" data-element_type=\"widget\" data-e-type=\"widget\" data-widget_type=\"image.default\">\n\t\t\t\t<div class=\"elementor-widget-container\">\n\t\t\t\t\t\t\t\t\t\t\t\t\t\t\t<img decoding=\"async\" width=\"495\" height=\"341\" src=\"https:\/\/evatex.de\/wp-content\/uploads\/2024\/01\/waschen.jpg\" class=\"attachment-large size-large wp-image-727\" alt=\"\" srcset=\"https:\/\/evatex.de\/wp-content\/uploads\/2024\/01\/waschen.jpg 495w, https:\/\/evatex.de\/wp-content\/uploads\/2024\/01\/waschen-300x207.jpg 300w\" sizes=\"(max-width: 495px) 100vw, 495px\" \/>\t\t\t\t\t\t\t\t\t\t\t\t\t\t\t<\/div>\n\t\t\t\t<\/div>\n\t\t<div class=\"elementor-element elementor-element-2d6c74b e-con-full e-flex e-con e-child\" data-id=\"2d6c74b\" data-element_type=\"container\" data-e-type=\"container\">\n\t\t\t\t<div class=\"elementor-element elementor-element-08f6cf4 elementor-widget elementor-widget-heading\" data-id=\"08f6cf4\" data-element_type=\"widget\" data-e-type=\"widget\" data-widget_type=\"heading.default\">\n\t\t\t\t<div class=\"elementor-widget-container\">\n\t\t\t\t\t<h2 class=\"elementor-heading-title elementor-size-default\">Voor wie zijn onze evacuatiedoeken bedoeld?<\/h2>\t\t\t\t<\/div>\n\t\t\t\t<\/div>\n\t\t\t\t<div class=\"elementor-element elementor-element-e07be18 elementor-widget elementor-widget-text-editor\" data-id=\"e07be18\" data-element_type=\"widget\" data-e-type=\"widget\" data-widget_type=\"text-editor.default\">\n\t\t\t\t<div class=\"elementor-widget-container\">\n\t\t\t\t\t\t\t\t\t<p class=\"p1\">Onze evacuatiehulpmiddelen zijn onmisbaar voor:<\/p><ul><li><p class=\"p1\">Zorginstellingen en ziekenhuizen in M\u00fcnster<\/p><\/li><li><p class=\"p1\">Verpleeghuizen, woonzorgcentra en revalidatieklinieken<\/p><\/li><li><p class=\"p1\">Scholen, universiteiten en kinderdagverblijven<\/p><\/li><li><p class=\"p1\">Bedrijven met BHV-plicht en grote kantoorgebouwen<\/p><\/li><\/ul><p class=\"p1\">Door de toenemende focus op veiligheid in Duitse instellingen groeit ook de vraag naar evacuatieoplossingen zoals evacuatiedoeken en -matrassen.<\/p>\t\t\t\t\t\t\t\t<\/div>\n\t\t\t\t<\/div>\n\t\t\t\t<div class=\"elementor-element elementor-element-12f9cff e-transform elementor-widget elementor-widget-button\" data-id=\"12f9cff\" data-element_type=\"widget\" data-e-type=\"widget\" data-settings=\"{&quot;_transform_translateX_effect_hover&quot;:{&quot;unit&quot;:&quot;px&quot;,&quot;size&quot;:&quot;&quot;,&quot;sizes&quot;:[]},&quot;_transform_translateX_effect_hover_widescreen&quot;:{&quot;unit&quot;:&quot;px&quot;,&quot;size&quot;:&quot;&quot;,&quot;sizes&quot;:[]},&quot;_transform_translateX_effect_hover_laptop&quot;:{&quot;unit&quot;:&quot;px&quot;,&quot;size&quot;:&quot;&quot;,&quot;sizes&quot;:[]},&quot;_transform_translateX_effect_hover_tablet_extra&quot;:{&quot;unit&quot;:&quot;px&quot;,&quot;size&quot;:&quot;&quot;,&quot;sizes&quot;:[]},&quot;_transform_translateX_effect_hover_tablet&quot;:{&quot;unit&quot;:&quot;px&quot;,&quot;size&quot;:&quot;&quot;,&quot;sizes&quot;:[]},&quot;_transform_translateX_effect_hover_mobile_extra&quot;:{&quot;unit&quot;:&quot;px&quot;,&quot;size&quot;:&quot;&quot;,&quot;sizes&quot;:[]},&quot;_transform_translateX_effect_hover_mobile&quot;:{&quot;unit&quot;:&quot;px&quot;,&quot;size&quot;:&quot;&quot;,&quot;sizes&quot;:[]},&quot;_transform_translateY_effect_hover&quot;:{&quot;unit&quot;:&quot;px&quot;,&quot;size&quot;:&quot;&quot;,&quot;sizes&quot;:[]},&quot;_transform_translateY_effect_hover_widescreen&quot;:{&quot;unit&quot;:&quot;px&quot;,&quot;size&quot;:&quot;&quot;,&quot;sizes&quot;:[]},&quot;_transform_translateY_effect_hover_laptop&quot;:{&quot;unit&quot;:&quot;px&quot;,&quot;size&quot;:&quot;&quot;,&quot;sizes&quot;:[]},&quot;_transform_translateY_effect_hover_tablet_extra&quot;:{&quot;unit&quot;:&quot;px&quot;,&quot;size&quot;:&quot;&quot;,&quot;sizes&quot;:[]},&quot;_transform_translateY_effect_hover_tablet&quot;:{&quot;unit&quot;:&quot;px&quot;,&quot;size&quot;:&quot;&quot;,&quot;sizes&quot;:[]},&quot;_transform_translateY_effect_hover_mobile_extra&quot;:{&quot;unit&quot;:&quot;px&quot;,&quot;size&quot;:&quot;&quot;,&quot;sizes&quot;:[]},&quot;_transform_translateY_effect_hover_mobile&quot;:{&quot;unit&quot;:&quot;px&quot;,&quot;size&quot;:&quot;&quot;,&quot;sizes&quot;:[]}}\" data-widget_type=\"button.default\">\n\t\t\t\t<div class=\"elementor-widget-container\">\n\t\t\t\t\t\t\t\t\t<div class=\"elementor-button-wrapper\">\n\t\t\t\t\t<a class=\"elementor-button elementor-button-link elementor-size-sm\" href=\"https:\/\/evatex.de\/nl\/shop\/\" target=\"_blank\">\n\t\t\t\t\t\t<span class=\"elementor-button-content-wrapper\">\n\t\t\t\t\t\t\t\t\t<span class=\"elementor-button-text\">Kopen<\/span>\n\t\t\t\t\t<\/span>\n\t\t\t\t\t<\/a>\n\t\t\t\t<\/div>\n\t\t\t\t\t\t\t\t<\/div>\n\t\t\t\t<\/div>\n\t\t\t\t<\/div>\n\t\t\t\t<\/div>\n\t\t<div class=\"elementor-element elementor-element-c74f788 e-flex e-con-boxed e-con e-parent\" data-id=\"c74f788\" data-element_type=\"container\" data-e-type=\"container\">\n\t\t\t\t\t<div class=\"e-con-inner\">\n\t\t\t\t<div class=\"elementor-element elementor-element-56608b1 elementor-widget elementor-widget-heading\" data-id=\"56608b1\" data-element_type=\"widget\" data-e-type=\"widget\" data-widget_type=\"heading.default\">\n\t\t\t\t<div class=\"elementor-widget-container\">\n\t\t\t\t\t<h2 class=\"elementor-heading-title elementor-size-default\">Levering in M\u00fcnster en heel Duitsland<\/h2>\t\t\t\t<\/div>\n\t\t\t\t<\/div>\n\t\t\t\t<div class=\"elementor-element elementor-element-038534a elementor-widget elementor-widget-text-editor\" data-id=\"038534a\" data-element_type=\"widget\" data-e-type=\"widget\" data-widget_type=\"text-editor.default\">\n\t\t\t\t<div class=\"elementor-widget-container\">\n\t\t\t\t\t\t\t\t\t<p class=\"p1\">Evatex is gevestigd net over de grens in Nederland, maar levert dagelijks aan organisaties in Duitsland. Dankzij onze centrale ligging kunnen we snel leveren in M\u00fcnster, Rheine, Osnabr\u00fcck en heel Noordrijn-Westfalen.<br \/><br \/>Geen invoerkosten of vertraging<\/p><p class=\"p1\">Deskundig advies vanuit de zorgpraktijk<\/p><p class=\"p1\">Scherpe prijzen, ook bij grotere aantallen<\/p>\t\t\t\t\t\t\t\t<\/div>\n\t\t\t\t<\/div>\n\t\t\t\t\t<\/div>\n\t\t\t\t<\/div>\n\t\t<div class=\"elementor-element elementor-element-07842a1 e-con-full e-flex e-con e-parent\" data-id=\"07842a1\" data-element_type=\"container\" data-e-type=\"container\" data-settings=\"{&quot;background_background&quot;:&quot;classic&quot;}\">\n\t\t\t\t<div class=\"elementor-element elementor-element-176fc85 elementor-widget-laptop__width-inherit elementor-widget elementor-widget-image\" data-id=\"176fc85\" data-element_type=\"widget\" data-e-type=\"widget\" data-widget_type=\"image.default\">\n\t\t\t\t<div class=\"elementor-widget-container\">\n\t\t\t\t\t\t\t\t\t\t\t\t\t\t\t<img decoding=\"async\" width=\"800\" height=\"534\" src=\"https:\/\/evatex.de\/wp-content\/uploads\/2024\/02\/supporting-granddaughter-touching-forehead-with-el-2023-11-27-05-30-48-utc-1024x683.jpg\" class=\"attachment-large size-large wp-image-1258\" alt=\"\" srcset=\"https:\/\/evatex.de\/wp-content\/uploads\/2024\/02\/supporting-granddaughter-touching-forehead-with-el-2023-11-27-05-30-48-utc-1024x683.jpg 1024w, https:\/\/evatex.de\/wp-content\/uploads\/2024\/02\/supporting-granddaughter-touching-forehead-with-el-2023-11-27-05-30-48-utc-300x200.jpg 300w, https:\/\/evatex.de\/wp-content\/uploads\/2024\/02\/supporting-granddaughter-touching-forehead-with-el-2023-11-27-05-30-48-utc-768x512.jpg 768w, https:\/\/evatex.de\/wp-content\/uploads\/2024\/02\/supporting-granddaughter-touching-forehead-with-el-2023-11-27-05-30-48-utc-1536x1024.jpg 1536w, https:\/\/evatex.de\/wp-content\/uploads\/2024\/02\/supporting-granddaughter-touching-forehead-with-el-2023-11-27-05-30-48-utc-2048x1365.jpg 2048w, https:\/\/evatex.de\/wp-content\/uploads\/2024\/02\/supporting-granddaughter-touching-forehead-with-el-2023-11-27-05-30-48-utc-18x12.jpg 18w, https:\/\/evatex.de\/wp-content\/uploads\/2024\/02\/supporting-granddaughter-touching-forehead-with-el-2023-11-27-05-30-48-utc-600x400.jpg 600w\" sizes=\"(max-width: 800px) 100vw, 800px\" \/>\t\t\t\t\t\t\t\t\t\t\t\t\t\t\t<\/div>\n\t\t\t\t<\/div>\n\t\t<div class=\"elementor-element elementor-element-f69cafc e-con-full e-flex e-con e-child\" data-id=\"f69cafc\" data-element_type=\"container\" data-e-type=\"container\">\n\t\t\t\t<div class=\"elementor-element elementor-element-bc8e72b elementor-widget elementor-widget-heading\" data-id=\"bc8e72b\" data-element_type=\"widget\" data-e-type=\"widget\" data-widget_type=\"heading.default\">\n\t\t\t\t<div class=\"elementor-widget-container\">\n\t\t\t\t\t<h2 class=\"elementor-heading-title elementor-size-default\">Veelgestelde vragen over evacuatiedoeken<\/h2>\t\t\t\t<\/div>\n\t\t\t\t<\/div>\n\t\t\t\t<div class=\"elementor-element elementor-element-210e897 elementor-widget elementor-widget-heading\" data-id=\"210e897\" data-element_type=\"widget\" data-e-type=\"widget\" data-widget_type=\"heading.default\">\n\t\t\t\t<div class=\"elementor-widget-container\">\n\t\t\t\t\t<h3 class=\"elementor-heading-title elementor-size-default\">Is een evacuatiedoek verplicht in Duitsland?\n<\/h3>\t\t\t\t<\/div>\n\t\t\t\t<\/div>\n\t\t\t\t<div class=\"elementor-element elementor-element-4bad020 elementor-widget elementor-widget-text-editor\" data-id=\"4bad020\" data-element_type=\"widget\" data-e-type=\"widget\" data-widget_type=\"text-editor.default\">\n\t\t\t\t<div class=\"elementor-widget-container\">\n\t\t\t\t\t\t\t\t\t<p class=\"p1\">In veel zorginstellingen en scholen is een evacuatieplan verplicht. Daarbij hoort ook de beschikbaarheid van hulpmiddelen voor personen die niet zelfstandig kunnen vluchten. Evacuatiedoeken bieden hier een praktische oplossing voor.<\/p>\t\t\t\t\t\t\t\t<\/div>\n\t\t\t\t<\/div>\n\t\t\t\t<div class=\"elementor-element elementor-element-db56bc6 elementor-widget elementor-widget-heading\" data-id=\"db56bc6\" data-element_type=\"widget\" data-e-type=\"widget\" data-widget_type=\"heading.default\">\n\t\t\t\t<div class=\"elementor-widget-container\">\n\t\t\t\t\t<h3 class=\"elementor-heading-title elementor-size-default\">Kan ik als Duitse organisatie bij jullie bestellen?\n<\/h3>\t\t\t\t<\/div>\n\t\t\t\t<\/div>\n\t\t\t\t<div class=\"elementor-element elementor-element-5447e19 elementor-widget elementor-widget-text-editor\" data-id=\"5447e19\" data-element_type=\"widget\" data-e-type=\"widget\" data-widget_type=\"text-editor.default\">\n\t\t\t\t<div class=\"elementor-widget-container\">\n\t\t\t\t\t\t\t\t\t<p class=\"p1\">Ja, absoluut. Wij leveren probleemloos aan Duitse bedrijven, instellingen en overheden. We verzorgen leveringen met factuur, BTW-verlegging en duidelijke communicatie in het Nederlands of Duits.<\/p>\t\t\t\t\t\t\t\t<\/div>\n\t\t\t\t<\/div>\n\t\t\t\t<\/div>\n\t\t\t\t<\/div>\n\t\t<div class=\"elementor-element elementor-element-9768e6f e-flex e-con-boxed e-con e-parent\" data-id=\"9768e6f\" data-element_type=\"container\" data-e-type=\"container\" data-settings=\"{&quot;background_background&quot;:&quot;classic&quot;}\">\n\t\t\t\t\t<div class=\"e-con-inner\">\n\t\t\t\t<div class=\"elementor-element elementor-element-6e3a21e elementor-widget__width-initial elementor-widget elementor-widget-heading\" data-id=\"6e3a21e\" data-element_type=\"widget\" data-e-type=\"widget\" data-widget_type=\"heading.default\">\n\t\t\t\t<div class=\"elementor-widget-container\">\n\t\t\t\t\t<h3 class=\"elementor-heading-title elementor-size-default\">Zorg voor een veilige evacuatie in jouw instelling of organisatie in M\u00fcnster.\nBestel vandaag nog je evacuatiedoek via Evatex.de of neem contact met ons op voor advies of een vrijblijvende offerte.<\/h3>\t\t\t\t<\/div>\n\t\t\t\t<\/div>\n\t\t<div class=\"elementor-element elementor-element-f7ad710 e-con-full e-flex e-con e-child\" data-id=\"f7ad710\" data-element_type=\"container\" data-e-type=\"container\">\n\t\t\t\t<div class=\"elementor-element elementor-element-f9f5ac4 e-transform elementor-widget elementor-widget-button\" data-id=\"f9f5ac4\" data-element_type=\"widget\" data-e-type=\"widget\" data-settings=\"{&quot;_transform_translateX_effect_hover&quot;:{&quot;unit&quot;:&quot;px&quot;,&quot;size&quot;:&quot;&quot;,&quot;sizes&quot;:[]},&quot;_transform_translateX_effect_hover_widescreen&quot;:{&quot;unit&quot;:&quot;px&quot;,&quot;size&quot;:&quot;&quot;,&quot;sizes&quot;:[]},&quot;_transform_translateX_effect_hover_laptop&quot;:{&quot;unit&quot;:&quot;px&quot;,&quot;size&quot;:&quot;&quot;,&quot;sizes&quot;:[]},&quot;_transform_translateX_effect_hover_tablet_extra&quot;:{&quot;unit&quot;:&quot;px&quot;,&quot;size&quot;:&quot;&quot;,&quot;sizes&quot;:[]},&quot;_transform_translateX_effect_hover_tablet&quot;:{&quot;unit&quot;:&quot;px&quot;,&quot;size&quot;:&quot;&quot;,&quot;sizes&quot;:[]},&quot;_transform_translateX_effect_hover_mobile_extra&quot;:{&quot;unit&quot;:&quot;px&quot;,&quot;size&quot;:&quot;&quot;,&quot;sizes&quot;:[]},&quot;_transform_translateX_effect_hover_mobile&quot;:{&quot;unit&quot;:&quot;px&quot;,&quot;size&quot;:&quot;&quot;,&quot;sizes&quot;:[]},&quot;_transform_translateY_effect_hover&quot;:{&quot;unit&quot;:&quot;px&quot;,&quot;size&quot;:&quot;&quot;,&quot;sizes&quot;:[]},&quot;_transform_translateY_effect_hover_widescreen&quot;:{&quot;unit&quot;:&quot;px&quot;,&quot;size&quot;:&quot;&quot;,&quot;sizes&quot;:[]},&quot;_transform_translateY_effect_hover_laptop&quot;:{&quot;unit&quot;:&quot;px&quot;,&quot;size&quot;:&quot;&quot;,&quot;sizes&quot;:[]},&quot;_transform_translateY_effect_hover_tablet_extra&quot;:{&quot;unit&quot;:&quot;px&quot;,&quot;size&quot;:&quot;&quot;,&quot;sizes&quot;:[]},&quot;_transform_translateY_effect_hover_tablet&quot;:{&quot;unit&quot;:&quot;px&quot;,&quot;size&quot;:&quot;&quot;,&quot;sizes&quot;:[]},&quot;_transform_translateY_effect_hover_mobile_extra&quot;:{&quot;unit&quot;:&quot;px&quot;,&quot;size&quot;:&quot;&quot;,&quot;sizes&quot;:[]},&quot;_transform_translateY_effect_hover_mobile&quot;:{&quot;unit&quot;:&quot;px&quot;,&quot;size&quot;:&quot;&quot;,&quot;sizes&quot;:[]}}\" data-widget_type=\"button.default\">\n\t\t\t\t<div class=\"elementor-widget-container\">\n\t\t\t\t\t\t\t\t\t<div class=\"elementor-button-wrapper\">\n\t\t\t\t\t<a class=\"elementor-button elementor-button-link elementor-size-sm\" href=\"https:\/\/evatex.de\/nl\/shop\/\" target=\"_blank\">\n\t\t\t\t\t\t<span class=\"elementor-button-content-wrapper\">\n\t\t\t\t\t\t\t\t\t<span class=\"elementor-button-text\">Kopen<\/span>\n\t\t\t\t\t<\/span>\n\t\t\t\t\t<\/a>\n\t\t\t\t<\/div>\n\t\t\t\t\t\t\t\t<\/div>\n\t\t\t\t<\/div>\n\t\t\t\t<div class=\"elementor-element elementor-element-13ffa9d e-transform elementor-widget elementor-widget-button\" data-id=\"13ffa9d\" data-element_type=\"widget\" data-e-type=\"widget\" data-settings=\"{&quot;_transform_translateX_effect_hover&quot;:{&quot;unit&quot;:&quot;px&quot;,&quot;size&quot;:&quot;&quot;,&quot;sizes&quot;:[]},&quot;_transform_translateX_effect_hover_widescreen&quot;:{&quot;unit&quot;:&quot;px&quot;,&quot;size&quot;:&quot;&quot;,&quot;sizes&quot;:[]},&quot;_transform_translateX_effect_hover_laptop&quot;:{&quot;unit&quot;:&quot;px&quot;,&quot;size&quot;:&quot;&quot;,&quot;sizes&quot;:[]},&quot;_transform_translateX_effect_hover_tablet_extra&quot;:{&quot;unit&quot;:&quot;px&quot;,&quot;size&quot;:&quot;&quot;,&quot;sizes&quot;:[]},&quot;_transform_translateX_effect_hover_tablet&quot;:{&quot;unit&quot;:&quot;px&quot;,&quot;size&quot;:&quot;&quot;,&quot;sizes&quot;:[]},&quot;_transform_translateX_effect_hover_mobile_extra&quot;:{&quot;unit&quot;:&quot;px&quot;,&quot;size&quot;:&quot;&quot;,&quot;sizes&quot;:[]},&quot;_transform_translateX_effect_hover_mobile&quot;:{&quot;unit&quot;:&quot;px&quot;,&quot;size&quot;:&quot;&quot;,&quot;sizes&quot;:[]},&quot;_transform_translateY_effect_hover&quot;:{&quot;unit&quot;:&quot;px&quot;,&quot;size&quot;:&quot;&quot;,&quot;sizes&quot;:[]},&quot;_transform_translateY_effect_hover_widescreen&quot;:{&quot;unit&quot;:&quot;px&quot;,&quot;size&quot;:&quot;&quot;,&quot;sizes&quot;:[]},&quot;_transform_translateY_effect_hover_laptop&quot;:{&quot;unit&quot;:&quot;px&quot;,&quot;size&quot;:&quot;&quot;,&quot;sizes&quot;:[]},&quot;_transform_translateY_effect_hover_tablet_extra&quot;:{&quot;unit&quot;:&quot;px&quot;,&quot;size&quot;:&quot;&quot;,&quot;sizes&quot;:[]},&quot;_transform_translateY_effect_hover_tablet&quot;:{&quot;unit&quot;:&quot;px&quot;,&quot;size&quot;:&quot;&quot;,&quot;sizes&quot;:[]},&quot;_transform_translateY_effect_hover_mobile_extra&quot;:{&quot;unit&quot;:&quot;px&quot;,&quot;size&quot;:&quot;&quot;,&quot;sizes&quot;:[]},&quot;_transform_translateY_effect_hover_mobile&quot;:{&quot;unit&quot;:&quot;px&quot;,&quot;size&quot;:&quot;&quot;,&quot;sizes&quot;:[]}}\" data-widget_type=\"button.default\">\n\t\t\t\t<div class=\"elementor-widget-container\">\n\t\t\t\t\t\t\t\t\t<div class=\"elementor-button-wrapper\">\n\t\t\t\t\t<a class=\"elementor-button elementor-button-link elementor-size-sm\" href=\"https:\/\/evatex.de\/nl\/contact-2\/\" target=\"_blank\">\n\t\t\t\t\t\t<span class=\"elementor-button-content-wrapper\">\n\t\t\t\t\t\t\t\t\t<span class=\"elementor-button-text\">Contact opnemen<\/span>\n\t\t\t\t\t<\/span>\n\t\t\t\t\t<\/a>\n\t\t\t\t<\/div>\n\t\t\t\t\t\t\t\t<\/div>\n\t\t\t\t<\/div>\n\t\t\t\t<\/div>\n\t\t\t\t\t<\/div>\n\t\t\t\t<\/div>\n\t\t\t\t<\/div>","protected":false},"excerpt":{"rendered":"<p>Evacuatiedoek kopen in M\u00fcnster? Evacueer veilig met Evatex Professionele evacuatiedoeken voor zorg en instellingen in M\u00fcnster Ben je op zoek naar een betrouwbaar evacuatiedoek in M\u00fcnster - voor gebruik in een ziekenhuis, verzorgingshuis, school of bedrijf? Bij Evatex vindt u hoogwaardige evacuatiehulpmiddelen die voldoen aan de strengste veiligheidsnormen. Of het nu gaat om het evacueren van bedlegerige mensen bij brand of [...]<\/p>","protected":false},"author":1,"featured_media":0,"parent":0,"menu_order":0,"comment_status":"closed","ping_status":"closed","template":"","meta":{"footnotes":""},"class_list":["post-1579","page","type-page","status-publish","hentry"],"yoast_head":"<!-- This site is optimized with the Yoast SEO plugin v26.9 - https:\/\/yoast.com\/product\/yoast-seo-wordpress\/ -->\n<title>Evakuierungstuch kaufen in M\u00fcnster | Evatex Evakuierungshilfen<\/title>\n<meta name=\"description\" content=\"Evakuierungstuch in M\u00fcnster kaufen? Evatex liefert zuverl\u00e4ssige Evakuierungshilfen f\u00fcr Pflegeeinrichtungen und Schulen in Deutschland\" \/>\n<meta name=\"robots\" content=\"index, follow, max-snippet:-1, max-image-preview:large, max-video-preview:-1\" \/>\n<link rel=\"canonical\" href=\"https:\/\/evatex.de\/nl\/evacuatieblad-kopen-in-muenster\/\" \/>\n<meta property=\"og:locale\" content=\"nl_NL\" \/>\n<meta property=\"og:type\" content=\"article\" \/>\n<meta property=\"og:title\" content=\"Evakuierungstuch kaufen in M\u00fcnster | Evatex Evakuierungshilfen\" \/>\n<meta property=\"og:description\" content=\"Evakuierungstuch in M\u00fcnster kaufen? Evatex liefert zuverl\u00e4ssige Evakuierungshilfen f\u00fcr Pflegeeinrichtungen und Schulen in Deutschland\" \/>\n<meta property=\"og:url\" content=\"https:\/\/evatex.de\/nl\/evacuatieblad-kopen-in-muenster\/\" \/>\n<meta property=\"og:site_name\" content=\"Evatex\" \/>\n<meta property=\"article:modified_time\" content=\"2025-07-25T08:12:00+00:00\" \/>\n<meta property=\"og:image\" content=\"https:\/\/evatex.de\/wp-content\/uploads\/2024\/01\/Rettungstuch-EVATEX-600px1.jpg\" \/>\n\t<meta property=\"og:image:width\" content=\"600\" \/>\n\t<meta property=\"og:image:height\" content=\"577\" \/>\n\t<meta property=\"og:image:type\" content=\"image\/jpeg\" \/>\n<meta name=\"twitter:card\" content=\"summary_large_image\" \/>\n<meta name=\"twitter:label1\" content=\"Geschatte leestijd\" \/>\n\t<meta name=\"twitter:data1\" content=\"3 minuten\" \/>\n<script type=\"application\/ld+json\" class=\"yoast-schema-graph\">{\"@context\":\"https:\/\/schema.org\",\"@graph\":[{\"@type\":\"WebPage\",\"@id\":\"https:\/\/evatex.de\/evakuierungstuch-kaufen-in-muenster\/\",\"url\":\"https:\/\/evatex.de\/evakuierungstuch-kaufen-in-muenster\/\",\"name\":\"Evakuierungstuch kaufen in M\u00fcnster | Evatex Evakuierungshilfen\",\"isPartOf\":{\"@id\":\"https:\/\/evatex.de\/#website\"},\"primaryImageOfPage\":{\"@id\":\"https:\/\/evatex.de\/evakuierungstuch-kaufen-in-muenster\/#primaryimage\"},\"image\":{\"@id\":\"https:\/\/evatex.de\/evakuierungstuch-kaufen-in-muenster\/#primaryimage\"},\"thumbnailUrl\":\"https:\/\/evatex.de\/wp-content\/uploads\/2024\/01\/Rettungstuch-EVATEX-600px1.jpg\",\"datePublished\":\"2025-07-25T08:04:01+00:00\",\"dateModified\":\"2025-07-25T08:12:00+00:00\",\"description\":\"Evakuierungstuch in M\u00fcnster kaufen? Evatex liefert zuverl\u00e4ssige Evakuierungshilfen f\u00fcr Pflegeeinrichtungen und Schulen in Deutschland\",\"breadcrumb\":{\"@id\":\"https:\/\/evatex.de\/evakuierungstuch-kaufen-in-muenster\/#breadcrumb\"},\"inLanguage\":\"nl-NL\",\"potentialAction\":[{\"@type\":\"ReadAction\",\"target\":[\"https:\/\/evatex.de\/evakuierungstuch-kaufen-in-muenster\/\"]}]},{\"@type\":\"ImageObject\",\"inLanguage\":\"nl-NL\",\"@id\":\"https:\/\/evatex.de\/evakuierungstuch-kaufen-in-muenster\/#primaryimage\",\"url\":\"https:\/\/evatex.de\/wp-content\/uploads\/2024\/01\/Rettungstuch-EVATEX-600px1.jpg\",\"contentUrl\":\"https:\/\/evatex.de\/wp-content\/uploads\/2024\/01\/Rettungstuch-EVATEX-600px1.jpg\"},{\"@type\":\"BreadcrumbList\",\"@id\":\"https:\/\/evatex.de\/evakuierungstuch-kaufen-in-muenster\/#breadcrumb\",\"itemListElement\":[{\"@type\":\"ListItem\",\"position\":1,\"name\":\"Home\",\"item\":\"https:\/\/evatex.de\/\"},{\"@type\":\"ListItem\",\"position\":2,\"name\":\"Evakuierungstuch kaufen in M\u00fcnster\"}]},{\"@type\":\"WebSite\",\"@id\":\"https:\/\/evatex.de\/#website\",\"url\":\"https:\/\/evatex.de\/\",\"name\":\"Evatex\",\"description\":\"\",\"publisher\":{\"@id\":\"https:\/\/evatex.de\/#organization\"},\"potentialAction\":[{\"@type\":\"SearchAction\",\"target\":{\"@type\":\"EntryPoint\",\"urlTemplate\":\"https:\/\/evatex.de\/?s={search_term_string}\"},\"query-input\":{\"@type\":\"PropertyValueSpecification\",\"valueRequired\":true,\"valueName\":\"search_term_string\"}}],\"inLanguage\":\"nl-NL\"},{\"@type\":\"Organization\",\"@id\":\"https:\/\/evatex.de\/#organization\",\"name\":\"Evatex\",\"url\":\"https:\/\/evatex.de\/\",\"logo\":{\"@type\":\"ImageObject\",\"inLanguage\":\"nl-NL\",\"@id\":\"https:\/\/evatex.de\/#\/schema\/logo\/image\/\",\"url\":\"https:\/\/evatex.de\/wp-content\/uploads\/2024\/01\/evatex-logo-website.svg\",\"contentUrl\":\"https:\/\/evatex.de\/wp-content\/uploads\/2024\/01\/evatex-logo-website.svg\",\"width\":211,\"height\":47,\"caption\":\"Evatex\"},\"image\":{\"@id\":\"https:\/\/evatex.de\/#\/schema\/logo\/image\/\"}}]}<\/script>\n<!-- \/ Yoast SEO plugin. -->","yoast_head_json":{"title":"Evacuatiedoek kopen in M\u00fcnster | Evatex evacuatiehulpmiddelen","description":"Evacuatiedoek kopen in M\u00fcnster? Evatex levert betrouwbare evacuatiehulpmiddelen voor zorgcentra en scholen in Duitsland","robots":{"index":"index","follow":"follow","max-snippet":"max-snippet:-1","max-image-preview":"max-image-preview:large","max-video-preview":"max-video-preview:-1"},"canonical":"https:\/\/evatex.de\/nl\/evacuatieblad-kopen-in-muenster\/","og_locale":"nl_NL","og_type":"article","og_title":"Evakuierungstuch kaufen in M\u00fcnster | Evatex Evakuierungshilfen","og_description":"Evakuierungstuch in M\u00fcnster kaufen? Evatex liefert zuverl\u00e4ssige Evakuierungshilfen f\u00fcr Pflegeeinrichtungen und Schulen in Deutschland","og_url":"https:\/\/evatex.de\/nl\/evacuatieblad-kopen-in-muenster\/","og_site_name":"Evatex","article_modified_time":"2025-07-25T08:12:00+00:00","og_image":[{"width":600,"height":577,"url":"https:\/\/evatex.de\/wp-content\/uploads\/2024\/01\/Rettungstuch-EVATEX-600px1.jpg","type":"image\/jpeg"}],"twitter_card":"summary_large_image","twitter_misc":{"Geschatte leestijd":"3 minuten"},"schema":{"@context":"https:\/\/schema.org","@graph":[{"@type":"WebPage","@id":"https:\/\/evatex.de\/evakuierungstuch-kaufen-in-muenster\/","url":"https:\/\/evatex.de\/evakuierungstuch-kaufen-in-muenster\/","name":"Evacuatiedoek kopen in M\u00fcnster | Evatex evacuatiehulpmiddelen","isPartOf":{"@id":"https:\/\/evatex.de\/#website"},"primaryImageOfPage":{"@id":"https:\/\/evatex.de\/evakuierungstuch-kaufen-in-muenster\/#primaryimage"},"image":{"@id":"https:\/\/evatex.de\/evakuierungstuch-kaufen-in-muenster\/#primaryimage"},"thumbnailUrl":"https:\/\/evatex.de\/wp-content\/uploads\/2024\/01\/Rettungstuch-EVATEX-600px1.jpg","datePublished":"2025-07-25T08:04:01+00:00","dateModified":"2025-07-25T08:12:00+00:00","description":"Evacuatiedoek kopen in M\u00fcnster? Evatex levert betrouwbare evacuatiehulpmiddelen voor zorgcentra en scholen in Duitsland","breadcrumb":{"@id":"https:\/\/evatex.de\/evakuierungstuch-kaufen-in-muenster\/#breadcrumb"},"inLanguage":"nl-NL","potentialAction":[{"@type":"ReadAction","target":["https:\/\/evatex.de\/evakuierungstuch-kaufen-in-muenster\/"]}]},{"@type":"ImageObject","inLanguage":"nl-NL","@id":"https:\/\/evatex.de\/evakuierungstuch-kaufen-in-muenster\/#primaryimage","url":"https:\/\/evatex.de\/wp-content\/uploads\/2024\/01\/Rettungstuch-EVATEX-600px1.jpg","contentUrl":"https:\/\/evatex.de\/wp-content\/uploads\/2024\/01\/Rettungstuch-EVATEX-600px1.jpg"},{"@type":"BreadcrumbList","@id":"https:\/\/evatex.de\/evakuierungstuch-kaufen-in-muenster\/#breadcrumb","itemListElement":[{"@type":"ListItem","position":1,"name":"Home","item":"https:\/\/evatex.de\/"},{"@type":"ListItem","position":2,"name":"Evakuierungstuch kaufen in M\u00fcnster"}]},{"@type":"WebSite","@id":"https:\/\/evatex.de\/#website","url":"https:\/\/evatex.de\/","name":"Evatex","description":"","publisher":{"@id":"https:\/\/evatex.de\/#organization"},"potentialAction":[{"@type":"SearchAction","target":{"@type":"EntryPoint","urlTemplate":"https:\/\/evatex.de\/?s={search_term_string}"},"query-input":{"@type":"PropertyValueSpecification","valueRequired":true,"valueName":"search_term_string"}}],"inLanguage":"nl-NL"},{"@type":"Organization","@id":"https:\/\/evatex.de\/#organization","name":"Evatex","url":"https:\/\/evatex.de\/","logo":{"@type":"ImageObject","inLanguage":"nl-NL","@id":"https:\/\/evatex.de\/#\/schema\/logo\/image\/","url":"https:\/\/evatex.de\/wp-content\/uploads\/2024\/01\/evatex-logo-website.svg","contentUrl":"https:\/\/evatex.de\/wp-content\/uploads\/2024\/01\/evatex-logo-website.svg","width":211,"height":47,"caption":"Evatex"},"image":{"@id":"https:\/\/evatex.de\/#\/schema\/logo\/image\/"}}]}},"_links":{"self":[{"href":"https:\/\/evatex.de\/nl\/wp-json\/wp\/v2\/pages\/1579","targetHints":{"allow":["GET"]}}],"collection":[{"href":"https:\/\/evatex.de\/nl\/wp-json\/wp\/v2\/pages"}],"about":[{"href":"https:\/\/evatex.de\/nl\/wp-json\/wp\/v2\/types\/page"}],"author":[{"embeddable":true,"href":"https:\/\/evatex.de\/nl\/wp-json\/wp\/v2\/users\/1"}],"replies":[{"embeddable":true,"href":"https:\/\/evatex.de\/nl\/wp-json\/wp\/v2\/comments?post=1579"}],"version-history":[{"count":4,"href":"https:\/\/evatex.de\/nl\/wp-json\/wp\/v2\/pages\/1579\/revisions"}],"predecessor-version":[{"id":1583,"href":"https:\/\/evatex.de\/nl\/wp-json\/wp\/v2\/pages\/1579\/revisions\/1583"}],"wp:attachment":[{"href":"https:\/\/evatex.de\/nl\/wp-json\/wp\/v2\/media?parent=1579"}],"curies":[{"name":"wp","href":"https:\/\/api.w.org\/{rel}","templated":true}]}}